{"id":11,"date":"2024-07-10T06:38:38","date_gmt":"2024-07-10T06:38:38","guid":{"rendered":"https:\/\/doctoradoarte.zeus.umh.es\/presentacion\/"},"modified":"2026-02-05T19:58:52","modified_gmt":"2026-02-05T18:58:52","slug":"presentacion","status":"publish","type":"page","link":"https:\/\/doctoradoarte.umh.es\/en\/","title":{"rendered":"Presentaci\u00f3n"},"content":{"rendered":"<p>[et_pb_section fb_built=&#8221;1&#8243; _builder_version=&#8221;4.26.0&#8243; _module_preset=&#8221;default&#8221; global_colors_info=&#8221;{}&#8221;][et_pb_row _builder_version=&#8221;4.26.0&#8243; custom_margin=&#8221;||||false|false&#8221; custom_margin_last_edited=&#8221;off|tablet&#8221; collapsed=&#8221;off&#8221; global_colors_info=&#8221;{}&#8221;][et_pb_column type=&#8221;4_4&#8243; _builder_version=&#8221;4.26.0&#8243; global_colors_info=&#8221;{}&#8221;][et_pb_image src=&#8221;https:\/\/doctoradoarte.umh.es\/files\/2024\/07\/Ti\u0301tulos-web-PCDA-Programa-web.png&#8221; title_text=&#8221;Ti\u0301tulos web PCDA-Programa web&#8221; _builder_version=&#8221;4.17.4&#8243; _module_preset=&#8221;default&#8221; global_colors_info=&#8221;{}&#8221;][\/et_pb_image][et_pb_text _builder_version=&#8221;4.17.4&#8243; text_font=&#8221;Montserrat||||||||&#8221; text_font_size=&#8221;16px&#8221; text_line_height=&#8221;1.8em&#8221; header_font=&#8221;Montserrat|700|||||||&#8221; header_font_size=&#8221;45px&#8221; header_line_height=&#8221;1.1em&#8221; header_font_size_tablet=&#8221;40px&#8221; header_font_size_phone=&#8221;30px&#8221; header_font_size_last_edited=&#8221;on|phone&#8221; global_colors_info=&#8221;{}&#8221;]<\/p>\n<p style=\"text-align: justify\">El Programa de Doctorado en Creaci\u00f3n Art\u00edstica por la Universidad Miguel Hern\u00e1ndez nace avalado por el <span style=\"color: #00ccff\"><a style=\"color: #00ccff\" href=\"http:\/\/cia.umh.es\/\" target=\"blank\" rel=\"noopener\">Centro de Investigaci\u00f3n en Artes<\/a><\/span> y el Departamento de Arte de la UMH. Este Programa de Doctorado, aborda los procesos de preproducci\u00f3n, producci\u00f3n y postproducci\u00f3n de los proyectos art\u00edsticos en la contemporaneidad, as\u00ed como en la investigaci\u00f3n conjunta con otras \u00e1reas de conocimiento en relaci\u00f3n con el \u00e1mbito profesional del mercado desde una \u00f3ptica jur\u00eddica y econ\u00f3mica. Surge por tanto del\u00a0ensamblaje\u00a0de los 5 Laboratorios de investigaci\u00f3n del C\u00cdA, de ah\u00ed su vocaci\u00f3n interdisciplinar e integrada donde se combinan perspectivas y habilidades, pero tambi\u00e9n multidisciplinar, donde se trabaja de manera conjunta, pero cada quien desde el enfoque de su \u00e1mbito de especializaci\u00f3n.<\/p>\n<p style=\"text-align: justify\">Se compone de seis l\u00edneas de investigaci\u00f3n que abarcan todos los procesos de ideaci\u00f3n, construcci\u00f3n y posterior difusi\u00f3n y puesta en valor de los proyectos art\u00edsticos, ya sean estos pl\u00e1sticos, arquitect\u00f3nicos, de danza, de m\u00fasica, de teatro, de cine, etc.<\/p>\n<p>[\/et_pb_text][\/et_pb_column][\/et_pb_row][et_pb_row _builder_version=&#8221;4.26.0&#8243; _module_preset=&#8221;default&#8221; global_colors_info=&#8221;{}&#8221;][et_pb_column type=&#8221;4_4&#8243; _builder_version=&#8221;4.26.0&#8243; _module_preset=&#8221;default&#8221; global_colors_info=&#8221;{}&#8221;][et_pb_image src=&#8221;https:\/\/doctoradoarte.umh.es\/files\/2024\/07\/PDCA-PUZLE-1.gif&#8221; title_text=&#8221;PDCA-PUZLE-1&#8243; _builder_version=&#8221;4.17.4&#8243; _module_preset=&#8221;default&#8221; border_style_all=&#8221;none&#8221; global_colors_info=&#8221;{}&#8221;][\/et_pb_image][\/et_pb_column][\/et_pb_row][et_pb_row column_structure=&#8221;1_2,1_2&#8243; _builder_version=&#8221;4.26.0&#8243; background_image=&#8221;https:\/\/doctoradoarte.umh.es\/files\/2024\/07\/img-02.png&#8221; background_size=&#8221;initial&#8221; custom_margin_tablet=&#8221;||-80px||false|false&#8221; custom_margin_phone=&#8221;&#8221; custom_margin_last_edited=&#8221;on|tablet&#8221; hover_enabled=&#8221;0&#8243; global_colors_info=&#8221;{}&#8221; sticky_enabled=&#8221;0&#8243;][et_pb_column type=&#8221;1_2&#8243; _builder_version=&#8221;4.26.0&#8243; background_color=&#8221;#ffffff&#8221; custom_padding=&#8221;30px|30px|30px|30px|true|true&#8221; custom_padding_tablet=&#8221;&#8221; custom_padding_phone=&#8221;|20px||20px|true|true&#8221; custom_padding_last_edited=&#8221;on|phone&#8221; global_colors_info=&#8221;{}&#8221;][et_pb_text _builder_version=&#8221;4.17.4&#8243; text_text_color=&#8221;#000000&#8243; header_4_font=&#8221;PT Sans|700||on|||||&#8221; header_4_text_color=&#8221;#ffc107&#8243; header_4_font_size=&#8221;11px&#8221; header_4_letter_spacing=&#8221;1px&#8221; background_color=&#8221;#66ffff&#8221; background_enable_image=&#8221;off&#8221; background_size=&#8221;initial&#8221; background_position=&#8221;center_right&#8221; custom_margin=&#8221;||||false|false&#8221; custom_margin_tablet=&#8221;|-80px|||false|false&#8221; custom_margin_last_edited=&#8221;off|tablet&#8221; custom_padding=&#8221;8px||||false|false&#8221; border_color_all=&#8221;#000000&#8243; border_width_top=&#8221;1px&#8221; global_colors_info=&#8221;{}&#8221; admin_label=&#8221;Texto&#8221;]<\/p>\n<h4><span style=\"color: #000000\">Primer bloque<\/span><\/h4>\n<p>[\/et_pb_text][et_pb_text _builder_version=&#8221;4.17.4&#8243; text_font=&#8221;PT Sans||||||||&#8221; text_font_size=&#8221;16px&#8221; text_line_height=&#8221;1.8em&#8221; header_font=&#8221;||||||||&#8221; header_3_font=&#8221;Playfair Display|700|||||||&#8221; header_3_font_size=&#8221;28px&#8221; header_3_line_height=&#8221;1.2em&#8221; custom_margin=&#8221;||40px||false|false&#8221; header_3_font_size_tablet=&#8221;24px&#8221; header_3_font_size_phone=&#8221;18px&#8221; header_3_font_size_last_edited=&#8221;on|phone&#8221; global_colors_info=&#8221;{}&#8221;]<\/p>\n<p>Las dos primeras l\u00edneas de investigaci\u00f3n se enmarcan en los procesos de preproducci\u00f3n y\/o discursivos de los proyectos art\u00edsticos. Bajo el t\u00edtulo de &#8220;Proyectos culturales, pr\u00e1cticas art\u00edsticas y pol\u00edticas feministas y Cuir\/queer + cultura visual&#8221;, se aborda el estudio de los distintos contextos sociales y pol\u00edticos, as\u00ed como en el estudio de la cultura de masas y su relaci\u00f3n con los discursos del arte contempor\u00e1neo. La segunda l\u00ednea, &#8220;Pr\u00e1cticas art\u00edsticas intermedia, cultura visual y contextos&#8221;, parte a su vez del estudio de los distintos procesos art\u00edsticos para la generaci\u00f3n de proyectos intermedia concretos.<\/p>\n<p>[\/et_pb_text][et_pb_text _builder_version=&#8221;4.17.4&#8243; text_text_color=&#8221;#000000&#8243; header_4_font=&#8221;PT Sans|700||on|||||&#8221; header_4_text_color=&#8221;#ffc107&#8243; header_4_font_size=&#8221;11px&#8221; header_4_letter_spacing=&#8221;1px&#8221; background_color=&#8221;#66ffff&#8221; background_enable_image=&#8221;off&#8221; background_size=&#8221;initial&#8221; background_position=&#8221;center_right&#8221; custom_margin=&#8221;||||false|false&#8221; custom_margin_tablet=&#8221;|-80px|||false|false&#8221; custom_margin_last_edited=&#8221;off|tablet&#8221; custom_padding=&#8221;8px||||false|false&#8221; border_color_all=&#8221;#000000&#8243; border_width_top=&#8221;1px&#8221; global_colors_info=&#8221;{}&#8221;]<\/p>\n<h4><span style=\"color: #000000\">Segundo bloque<\/span><\/h4>\n<p>[\/et_pb_text][et_pb_text _builder_version=&#8221;4.17.4&#8243; text_font=&#8221;PT Sans||||||||&#8221; text_font_size=&#8221;16px&#8221; text_line_height=&#8221;1.8em&#8221; header_font=&#8221;||||||||&#8221; header_3_font=&#8221;Playfair Display|700|||||||&#8221; header_3_font_size=&#8221;28px&#8221; header_3_line_height=&#8221;1.2em&#8221; header_3_font_size_tablet=&#8221;24px&#8221; header_3_font_size_phone=&#8221;18px&#8221; header_3_font_size_last_edited=&#8221;on|phone&#8221; global_colors_info=&#8221;{}&#8221;]<\/p>\n<p>El segundo bloque enmarcado en los procesos de producci\u00f3n y\/o de construcci\u00f3n de los proyectos art\u00edsticos nos viene definido por otras dos l\u00edneas, &#8220;Arqueolog\u00eda de los medios y las pr\u00e1cticas art\u00edsticas&#8221;, y &#8220;La expresividad de los materiales como m\u00e9todo narrativo en las pr\u00e1cticas art\u00edsticas contempor\u00e1neas&#8221;. &#8220;Estudio en el pasado, presente y futuro de los distintos materiales, procedimientos y\/o procesos de construcci\u00f3n, puesta en escena, representaci\u00f3n, de cualquier proyecto art\u00edstico contempor\u00e1neo. L\u00edneas de actuaci\u00f3n dirigidas a la acotaci\u00f3n de las diferentes formas de expresi\u00f3n para desarrollar el tema de investigaci\u00f3n.<\/p>\n<p>[\/et_pb_text][\/et_pb_column][et_pb_column type=&#8221;1_2&#8243; _builder_version=&#8221;4.26.0&#8243; background_color=&#8221;#ffffff&#8221; custom_padding=&#8221;30px|30px|30px|30px|true|true&#8221; custom_padding_tablet=&#8221;&#8221; custom_padding_phone=&#8221;|20px||20px|true|true&#8221; custom_padding_last_edited=&#8221;on|phone&#8221; global_colors_info=&#8221;{}&#8221;][et_pb_text _builder_version=&#8221;4.17.4&#8243; header_4_font=&#8221;PT Sans|700||on|||||&#8221; header_4_text_color=&#8221;#007aff&#8221; header_4_font_size=&#8221;11px&#8221; header_4_letter_spacing=&#8221;1px&#8221; background_color=&#8221;#66ffff&#8221; background_enable_image=&#8221;off&#8221; background_size=&#8221;initial&#8221; background_position=&#8221;center_right&#8221; custom_padding=&#8221;8px||||false|false&#8221; border_color_all=&#8221;#000000&#8243; border_width_top=&#8221;1px&#8221; locked=&#8221;off&#8221; global_colors_info=&#8221;{}&#8221;]<\/p>\n<h4><span style=\"color: #000000\">Tercer bloque<\/span><\/h4>\n<p>[\/et_pb_text][et_pb_text _builder_version=&#8221;4.17.4&#8243; text_font=&#8221;PT Sans||||||||&#8221; text_font_size=&#8221;16px&#8221; text_line_height=&#8221;1.8em&#8221; header_font=&#8221;||||||||&#8221; header_3_font=&#8221;Playfair Display|700|||||||&#8221; header_3_text_color=&#8221;#2A3749&#8243; header_3_font_size=&#8221;28px&#8221; header_3_line_height=&#8221;1.2em&#8221; custom_margin=&#8221;||-20px||false|false&#8221; header_3_font_size_tablet=&#8221;24px&#8221; header_3_font_size_phone=&#8221;18px&#8221; header_3_font_size_last_edited=&#8221;on|phone&#8221; global_colors_info=&#8221;{}&#8221;]<\/p>\n<p>El tercer bloque ata\u00f1e a los procesos de repercusi\u00f3n y difusi\u00f3n de los distintos proyectos art\u00edsticos. Sus l\u00edneas, &#8220;Estrategias de exhibici\u00f3n, difusi\u00f3n y repercusi\u00f3n de la obra art\u00edstica&#8221;, as\u00ed como &#8220;Mercado y circulaci\u00f3n internacional de obras de arte: aspectos tributarios, acciones de protecci\u00f3n y determinaci\u00f3n del Derecho aplicable y gesti\u00f3n econ\u00f3mica-financiera del arte&#8221;, tratan de difundir los resultados de la creaci\u00f3n art\u00edstica tanto en publicaciones, art\u00edculos en libros o revistas, como en nuestro caso, adem\u00e1s, mediante procesos de exposici\u00f3n, presentaci\u00f3n, exhibici\u00f3n y marketing de las distintas producciones. Esta l\u00ednea de actuaci\u00f3n abarca las innumerables maneras de mostrar las creaciones art\u00edsticas contempor\u00e1neas, as\u00ed como su transformaci\u00f3n en un producto de mercado.<\/p>\n<p>&nbsp;<\/p>\n<p>[\/et_pb_text][et_pb_text _builder_version=&#8221;4.17.4&#8243; header_4_font=&#8221;PT Sans|700||on|||||&#8221; header_4_text_color=&#8221;#007aff&#8221; header_4_font_size=&#8221;11px&#8221; header_4_letter_spacing=&#8221;1px&#8221; background_color=&#8221;#66ffff&#8221; background_enable_image=&#8221;off&#8221; background_size=&#8221;initial&#8221; background_position=&#8221;center_right&#8221; custom_padding=&#8221;8px||||false|false&#8221; border_color_all=&#8221;#000000&#8243; border_width_top=&#8221;1px&#8221; locked=&#8221;off&#8221; global_colors_info=&#8221;{}&#8221;]<\/p>\n<h4><span style=\"color: #000000\">Organigrama del Programa de Doctorado<\/span><\/h4>\n<p>[\/et_pb_text][et_pb_text _builder_version=&#8221;4.17.4&#8243; text_font=&#8221;PT Sans||||||||&#8221; text_font_size=&#8221;16px&#8221; text_line_height=&#8221;1.8em&#8221; header_font=&#8221;||||||||&#8221; header_3_font=&#8221;Playfair Display|700|||||||&#8221; header_3_text_color=&#8221;#2A3749&#8243; header_3_font_size=&#8221;28px&#8221; header_3_line_height=&#8221;1.2em&#8221; header_3_font_size_tablet=&#8221;24px&#8221; header_3_font_size_phone=&#8221;18px&#8221; header_3_font_size_last_edited=&#8221;on|phone&#8221; global_colors_info=&#8221;{}&#8221;]<\/p>\n<p><strong>Direcci\u00f3n <\/strong><br \/>Daniel Tejero Olivares<\/p>\n<p><strong>Coordinador Adjunto<\/strong><br \/>Javier Moreno P\u00e9rez<\/p>\n<p><strong>Comisi\u00f3n Acad\u00e9mica \u2014 CAPD<\/strong><br \/>Javier Moreno, Juan Fco. Mart\u00ednez G\u00f3mez de Albacete, David Trujillo, Elisa Lozano, Paula Vicente-Arche, Susana Guerrero, Mar\u00eda Jos\u00e9 Zan\u00f3n<\/p>\n<p>[\/et_pb_text][\/et_pb_column][\/et_pb_row][et_pb_row _builder_version=&#8221;4.26.0&#8243; _module_preset=&#8221;default&#8221; global_colors_info=&#8221;{}&#8221;][et_pb_column type=&#8221;4_4&#8243; _builder_version=&#8221;4.26.0&#8243; _module_preset=&#8221;default&#8221; global_colors_info=&#8221;{}&#8221;][et_pb_image src=&#8221;https:\/\/doctoradoarte.umh.es\/files\/2024\/07\/PDCA-PUZLE-2.gif&#8221; title_text=&#8221;PDCA-PUZLE-2&#8243; _builder_version=&#8221;4.17.4&#8243; _module_preset=&#8221;default&#8221; border_style_all=&#8221;none&#8221; global_colors_info=&#8221;{}&#8221;][\/et_pb_image][\/et_pb_column][\/et_pb_row][\/et_pb_section]<\/p>\n","protected":false},"excerpt":{"rendered":"<p>P\u00e1gina de presentaci\u00f3n de la unidad organizativa<\/p>\n","protected":false},"author":1,"featured_media":0,"parent":0,"menu_order":0,"comment_status":"closed","ping_status":"open","template":"","meta":{"_et_pb_use_builder":"on","_et_pb_old_content":"<p>P\u00e1gina de presentaci\u00f3n de la unidad organizativa<\/p>","_et_gb_content_width":"","_links_to":"","_links_to_target":""},"_links":{"self":[{"href":"https:\/\/doctoradoarte.umh.es\/en\/wp-json\/wp\/v2\/pages\/11"}],"collection":[{"href":"https:\/\/doctoradoarte.umh.es\/en\/wp-json\/wp\/v2\/pages"}],"about":[{"href":"https:\/\/doctoradoarte.umh.es\/en\/wp-json\/wp\/v2\/types\/page"}],"author":[{"embeddable":true,"href":"https:\/\/doctoradoarte.umh.es\/en\/wp-json\/wp\/v2\/users\/1"}],"replies":[{"embeddable":true,"href":"https:\/\/doctoradoarte.umh.es\/en\/wp-json\/wp\/v2\/comments?post=11"}],"version-history":[{"count":0,"href":"https:\/\/doctoradoarte.umh.es\/en\/wp-json\/wp\/v2\/pages\/11\/revisions"}],"wp:attachment":[{"href":"https:\/\/doctoradoarte.umh.es\/en\/wp-json\/wp\/v2\/media?parent=11"}],"curies":[{"name":"wp","href":"https:\/\/api.w.org\/{rel}","templated":true}]}}